{"id":5485,"date":"2025-05-13T11:32:54","date_gmt":"2025-05-13T09:32:54","guid":{"rendered":"https:\/\/panots.es\/aura-black\/"},"modified":"2025-11-30T16:41:49","modified_gmt":"2025-11-30T15:41:49","slug":"aura-black","status":"publish","type":"product","link":"https:\/\/panots.es\/ca\/aura-black\/","title":{"rendered":"AURA BLACK"},"content":{"rendered":"<p>L\u2019Aura Black combina eleg\u00e0ncia retro i estil urb\u00e0 en una silueta lleugera i afilada. La seva construcci\u00f3 barreja serra bovina, teixit i acabats en pell sint\u00e8tica, tot en una s\u00f2bria gamma de negres ressaltada per un toc subtil d\u2019<em>animal print<\/em> al tal\u00f3. La sola dentada de goma afegeix tracci\u00f3 sense perdre lleugeresa, mentre que la plantilla <em>memory foam<\/em> extra\u00efble garanteix comoditat durant tot el dia. Perfecta per a qui busca discreci\u00f3 amb personalitat.<\/p>\n<p>Tancament: Cordons<br \/> <br \/>\nSola: Goma lleugera amb relleu dentat<br \/> <br \/>\nPlantilla: <em>Memory foam<\/em> extra\u00efble<br \/> <br \/>\nFolre: Teixit<br \/> <br \/>\nTall: Serra bovina, teixit i sint\u00e8tic<\/p>\n","protected":false},"excerpt":{"rendered":"<p>L\u2019Aura Black combina eleg\u00e0ncia retro i estil urb\u00e0 en una silueta lleugera i afilada. La seva construcci\u00f3 barreja serra bovina, teixit i acabats en pell sint\u00e8tica, tot en una s\u00f2bria gamma de negres ressaltada per un toc subtil d\u2019animal print al tal\u00f3. La sola dentada de goma afegeix tracci\u00f3 sense perdre lleugeresa, mentre que la [&hellip;]<\/p>\n","protected":false},"featured_media":5492,"comment_status":"closed","ping_status":"closed","template":"","meta":{"_acf_changed":false},"product_brand":[],"product_cat":[192],"product_tag":[],"class_list":["post-5485","product","type-product","status-publish","has-post-thumbnail","product_cat-dona","pa_otros-animal-print","pa_otros-calcat-versatil","pa_otros-comoditat","pa_otros-contrast-de-materials","pa_otros-disseny-femeni","pa_otros-disseny-lleuger","pa_otros-estil-retro","pa_otros-folre-textil","pa_otros-plantilla-extraible","pa_otros-plantilla-memory-foam","pa_otros-serra-de-vedell","pa_otros-sola-dentada","pa_otros-toc-sofisticat","first","instock","sale","purchasable","product-type-variable"],"acf":[],"_links":{"self":[{"href":"https:\/\/panots.es\/ca\/wp-json\/wp\/v2\/product\/5485","targetHints":{"allow":["GET"]}}],"collection":[{"href":"https:\/\/panots.es\/ca\/wp-json\/wp\/v2\/product"}],"about":[{"href":"https:\/\/panots.es\/ca\/wp-json\/wp\/v2\/types\/product"}],"replies":[{"embeddable":true,"href":"https:\/\/panots.es\/ca\/wp-json\/wp\/v2\/comments?post=5485"}],"wp:featuredmedia":[{"embeddable":true,"href":"https:\/\/panots.es\/ca\/wp-json\/wp\/v2\/media\/5492"}],"wp:attachment":[{"href":"https:\/\/panots.es\/ca\/wp-json\/wp\/v2\/media?parent=5485"}],"wp:term":[{"taxonomy":"product_brand","embeddable":true,"href":"https:\/\/panots.es\/ca\/wp-json\/wp\/v2\/product_brand?post=5485"},{"taxonomy":"product_cat","embeddable":true,"href":"https:\/\/panots.es\/ca\/wp-json\/wp\/v2\/product_cat?post=5485"},{"taxonomy":"product_tag","embeddable":true,"href":"https:\/\/panots.es\/ca\/wp-json\/wp\/v2\/product_tag?post=5485"}],"curies":[{"name":"wp","href":"https:\/\/api.w.org\/{rel}","templated":true}]}}