{"id":5877,"date":"2025-08-14T10:13:18","date_gmt":"2025-08-14T08:13:18","guid":{"rendered":"https:\/\/panots.es\/garraf-black\/"},"modified":"2026-06-07T08:14:28","modified_gmt":"2026-06-07T06:14:28","slug":"garraf-black","status":"publish","type":"product","link":"https:\/\/panots.es\/ca\/garraf-black\/","title":{"rendered":"GARRAF BLACK"},"content":{"rendered":"<p class=\"p1\"><span class=\"s1\">Garraf Black<\/span><span class=\"s2\"> \u00e9s una declaraci\u00f3 d\u2019estil contundent. El seu disseny completament en negre amb el logotip <\/span><span class=\"s1\">PANOTS<\/span><span class=\"s2\"> en gran format sobre la sola el converteix en un model ple de personalitat, perfecte per a aquells que caminen amb confian\u00e7a i actitud urbana.<\/span><\/p>\n<p class=\"p1\"><span class=\"s2\">El tall combina serra bovina i teixit, fusionant resist\u00e8ncia i flexibilitat. El folre t\u00e8xtil aporta transpirabilitat, mentre que la plantilla <em>memory foam<\/em> extra\u00efble garanteix una trepitjada suau i amortida durant tot el dia. La sola de goma robusta no nom\u00e9s aporta pres\u00e8ncia visual, sin\u00f3 tamb\u00e9 adher\u00e8ncia, estabilitat i durabilitat.<\/span><\/p>\n<p class=\"p1\"><span class=\"s2\">Un disseny que no busca passar desapercebut, sin\u00f3 deixar empremta.<\/span><\/p>\n<p class=\"p1\"><span class=\"s1\">Tancament:<\/span><span class=\"s2\"> Cordons<\/span><\/p>\n<p class=\"p1\"><span class=\"s1\">Sola:<\/span><span class=\"s2\"> Goma robusta<\/span><\/p>\n<p class=\"p1\"><span class=\"s1\">Plantilla:<\/span><span class=\"s2\"> <em>Memory foam<\/em> extra\u00efble<\/span><\/p>\n<p class=\"p1\"><span class=\"s1\">Folre:<\/span><span class=\"s2\"> T\u00e8xtil<\/span><\/p>\n<p class=\"p1\"><span class=\"s1\">Tall:<\/span><span class=\"s2\"> Serra bovina i teixit<\/span><\/p>\n","protected":false},"excerpt":{"rendered":"<p>Garraf Black \u00e9s una declaraci\u00f3 d\u2019estil contundent. El seu disseny completament en negre amb el logotip PANOTS en gran format sobre la sola el converteix en un model ple de personalitat, perfecte per a aquells que caminen amb confian\u00e7a i actitud urbana. El tall combina serra bovina i teixit, fusionant resist\u00e8ncia i flexibilitat. El folre [&hellip;]<\/p>\n","protected":false},"featured_media":5697,"comment_status":"closed","ping_status":"closed","template":"","meta":{"_acf_changed":false},"product_brand":[],"product_cat":[185,311,191],"product_tag":[],"class_list":["post-5877","product","type-product","status-publish","has-post-thumbnail","product_cat-colleccions","product_cat-new-in","product_cat-sport-style-home","pa_otros-barcelona","pa_otros-calcat-versatil","pa_otros-confort-diari","pa_otros-disseny-agosarat","pa_otros-edicio-especial","pa_otros-estil-urba","pa_otros-folre-textil","pa_otros-negre","pa_otros-plantilla-extraible","pa_otros-plantilla-memory-foam","pa_otros-sabatilles-comodes","pa_otros-sabatilles-flexibles","pa_otros-sola-gruixuda","pa_otros-sola-lleugera","pa_otros-tall-en-serra-i-teixit","first","instock","sale","purchasable","product-type-variable"],"acf":[],"_links":{"self":[{"href":"https:\/\/panots.es\/ca\/wp-json\/wp\/v2\/product\/5877","targetHints":{"allow":["GET"]}}],"collection":[{"href":"https:\/\/panots.es\/ca\/wp-json\/wp\/v2\/product"}],"about":[{"href":"https:\/\/panots.es\/ca\/wp-json\/wp\/v2\/types\/product"}],"replies":[{"embeddable":true,"href":"https:\/\/panots.es\/ca\/wp-json\/wp\/v2\/comments?post=5877"}],"wp:featuredmedia":[{"embeddable":true,"href":"https:\/\/panots.es\/ca\/wp-json\/wp\/v2\/media\/5697"}],"wp:attachment":[{"href":"https:\/\/panots.es\/ca\/wp-json\/wp\/v2\/media?parent=5877"}],"wp:term":[{"taxonomy":"product_brand","embeddable":true,"href":"https:\/\/panots.es\/ca\/wp-json\/wp\/v2\/product_brand?post=5877"},{"taxonomy":"product_cat","embeddable":true,"href":"https:\/\/panots.es\/ca\/wp-json\/wp\/v2\/product_cat?post=5877"},{"taxonomy":"product_tag","embeddable":true,"href":"https:\/\/panots.es\/ca\/wp-json\/wp\/v2\/product_tag?post=5877"}],"curies":[{"name":"wp","href":"https:\/\/api.w.org\/{rel}","templated":true}]}}